{"id":99,"date":"2014-08-15T13:10:41","date_gmt":"2014-08-15T11:10:41","guid":{"rendered":"http:\/\/mvenzenkirchen.at\/cms\/?page_id=99"},"modified":"2024-12-30T19:59:36","modified_gmt":"2024-12-30T17:59:36","slug":"mitglieder","status":"publish","type":"page","link":"http:\/\/www.mvenzenkirchen.at\/cms\/mitglieder\/","title":{"rendered":"Mitglieder"},"content":{"rendered":"<div data-colibri-id=\"99-c1\" class=\"style-231 style-local-99-c1 position-relative\">\n  <!---->\n  <div data-colibri-component=\"section\" data-colibri-id=\"99-c2\" id=\"custom\" class=\"h-section h-section-global-spacing d-flex align-items-lg-center align-items-md-center align-items-center style-236 style-local-99-c2 position-relative\">\n    <!---->\n    <!---->\n    <div class=\"h-section-grid-container h-section-boxed-container\">\n      <!---->\n      <div data-colibri-id=\"99-c3\" class=\"h-row-container gutters-row-lg-2 gutters-row-md-2 gutters-row-0 gutters-row-v-lg-2 gutters-row-v-md-2 gutters-row-v-2 style-523 style-local-99-c3 position-relative\">\n        <!---->\n        <div class=\"h-row justify-content-lg-center justify-content-md-center justify-content-center align-items-lg-stretch align-items-md-stretch align-items-stretch gutters-col-lg-2 gutters-col-md-2 gutters-col-0 gutters-col-v-lg-2 gutters-col-v-md-2 gutters-col-v-2\">\n          <!---->\n          <div class=\"h-column h-column-container d-flex h-col-lg-auto h-col-md-auto h-col-auto style-524-outer style-local-99-c4-outer\">\n            <div data-colibri-id=\"99-c4\" class=\"d-flex h-flex-basis h-column__inner h-px-lg-2 h-px-md-2 h-px-2 v-inner-lg-2 v-inner-md-2 v-inner-2 style-524 style-local-99-c4 position-relative\">\n              <!---->\n              <!---->\n              <div class=\"w-100 h-y-container h-column__content h-column__v-align flex-basis-100 align-self-lg-start align-self-md-start align-self-start\">\n                <!---->\n                <div data-colibri-id=\"99-c5\" class=\"h-global-transition-all h-heading style-525 style-local-99-c5 position-relative h-element\">\n                  <!---->\n                  <div class=\"h-heading__outer style-525 style-local-99-c5\">\n                    <!---->\n                    <!---->\n                    <h2 class=\"\">UNSERE REGISTER<\/h2>\n                  <\/div>\n                <\/div>\n              <\/div>\n            <\/div>\n          <\/div>\n        <\/div>\n      <\/div>\n      <div data-colibri-id=\"99-c6\" class=\"h-row-container gutters-row-lg-2 gutters-row-md-2 gutters-row-0 gutters-row-v-lg-2 gutters-row-v-md-2 gutters-row-v-2 style-237 style-local-99-c6 position-relative\">\n        <!---->\n        <div class=\"h-row justify-content-lg-center justify-content-md-center justify-content-center align-items-lg-stretch align-items-md-stretch align-items-stretch gutters-col-lg-2 gutters-col-md-2 gutters-col-0 gutters-col-v-lg-2 gutters-col-v-md-2 gutters-col-v-2\">\n          <!---->\n          <div class=\"h-column h-column-container d-flex h-col-lg-auto h-col-md-auto h-col-auto style-238-outer style-local-99-c7-outer\">\n            <div data-colibri-id=\"99-c7\" class=\"d-flex h-flex-basis h-column__inner h-px-lg-2 h-px-md-2 h-px-2 v-inner-lg-2 v-inner-md-2 v-inner-2 style-238 style-local-99-c7 position-relative\">\n              <!---->\n              <!---->\n              <div class=\"w-100 h-y-container h-column__content h-column__v-align flex-basis-100 align-self-lg-start align-self-md-start align-self-start\">\n                <!---->\n                <div data-colibri-id=\"99-c8\" class=\"d-block style-239 style-local-99-c8 position-relative h-element\">\n                  <!---->\n                  <div class=\"h-image__frame-container-outer\">\n                    <div class=\"h-image__frame-container\">\n                      <!---->\n                      <!---->\n                      <img fetchpriority=\"high\" decoding=\"async\" width=\"2560\" height=\"1707\" src=\"http:\/\/www.mvenzenkirchen.at\/cms\/wp-content\/uploads\/2022\/12\/mve-shooting-2022-6-scaled.jpg\" class=\"wp-image-3493 style-239-image style-local-99-c8-image\" alt=\"\" srcset=\"http:\/\/www.mvenzenkirchen.at\/cms\/wp-content\/uploads\/2022\/12\/mve-shooting-2022-6-scaled.jpg 2560w, http:\/\/www.mvenzenkirchen.at\/cms\/wp-content\/uploads\/2022\/12\/mve-shooting-2022-6-300x200.jpg 300w, http:\/\/www.mvenzenkirchen.at\/cms\/wp-content\/uploads\/2022\/12\/mve-shooting-2022-6-1024x683.jpg 1024w, http:\/\/www.mvenzenkirchen.at\/cms\/wp-content\/uploads\/2022\/12\/mve-shooting-2022-6-768x512.jpg 768w, http:\/\/www.mvenzenkirchen.at\/cms\/wp-content\/uploads\/2022\/12\/mve-shooting-2022-6-1536x1024.jpg 1536w, http:\/\/www.mvenzenkirchen.at\/cms\/wp-content\/uploads\/2022\/12\/mve-shooting-2022-6-2048x1365.jpg 2048w, http:\/\/www.mvenzenkirchen.at\/cms\/wp-content\/uploads\/2022\/12\/mve-shooting-2022-6-272x182.jpg 272w\" sizes=\"(max-width: 2560px) 100vw, 2560px\" \/>\n                      <div class=\"h-image__frame h-hide-lg h-hide-md h-hide-sm style-239-frameImage style-local-99-c8-frameImage\"><\/div>\n                    <\/div>\n                  <\/div>\n                <\/div>\n                <div data-colibri-id=\"99-c9\" class=\"h-text h-text-component style-240 style-local-99-c9 position-relative h-element\">\n                  <!---->\n                  <!---->\n                  <div class=\"\">\n                    <p>vorne von links: Verena Preinfalk, Vera Achleitner, Johanna Zauner, Magdalena Koller, Anna Lena Kagerer;\n                      <br>hinten von links: Maria Gr\u00fcnberger, Karin Pointecker, Lukas Reitinger, Paulina Gr\u00fcneis, Patrick Scheiterbauer, Jasmin Hraschan, Nicole Ecker, Birgit Sch\u00f6nleitner<\/p>\n                  <\/div>\n                <\/div>\n              <\/div>\n            <\/div>\n          <\/div>\n        <\/div>\n      <\/div>\n      <div data-colibri-id=\"99-c10\" class=\"h-row-container gutters-row-lg-2 gutters-row-md-2 gutters-row-0 gutters-row-v-lg-2 gutters-row-v-md-2 gutters-row-v-2 style-241 style-local-99-c10 position-relative\">\n        <!---->\n        <div class=\"h-row justify-content-lg-center justify-content-md-center justify-content-center align-items-lg-stretch align-items-md-stretch align-items-stretch gutters-col-lg-2 gutters-col-md-2 gutters-col-0 gutters-col-v-lg-2 gutters-col-v-md-2 gutters-col-v-2\">\n          <!---->\n          <div class=\"h-column h-column-container d-flex h-col-lg-auto h-col-md-auto h-col-auto style-242-outer style-local-99-c11-outer\">\n            <div data-colibri-id=\"99-c11\" class=\"d-flex h-flex-basis h-column__inner h-px-lg-2 h-px-md-2 h-px-2 v-inner-lg-2 v-inner-md-2 v-inner-2 style-242 style-local-99-c11 position-relative\">\n              <!---->\n              <!---->\n              <div class=\"w-100 h-y-container h-column__content h-column__v-align flex-basis-100 align-self-lg-start align-self-md-start align-self-start\">\n                <!---->\n                <div data-colibri-id=\"99-c12\" class=\"d-block style-243 style-local-99-c12 position-relative h-element\">\n                  <!---->\n                  <div class=\"h-image__frame-container-outer\">\n                    <div class=\"h-image__frame-container\">\n                      <!---->\n                      <!---->\n                      <img decoding=\"async\" width=\"2560\" height=\"1707\" src=\"http:\/\/www.mvenzenkirchen.at\/cms\/wp-content\/uploads\/2022\/12\/mve-shooting-2022-7-scaled.jpg\" class=\"wp-image-3494 style-243-image style-local-99-c12-image\" alt=\"\" srcset=\"http:\/\/www.mvenzenkirchen.at\/cms\/wp-content\/uploads\/2022\/12\/mve-shooting-2022-7-scaled.jpg 2560w, http:\/\/www.mvenzenkirchen.at\/cms\/wp-content\/uploads\/2022\/12\/mve-shooting-2022-7-300x200.jpg 300w, http:\/\/www.mvenzenkirchen.at\/cms\/wp-content\/uploads\/2022\/12\/mve-shooting-2022-7-1024x683.jpg 1024w, http:\/\/www.mvenzenkirchen.at\/cms\/wp-content\/uploads\/2022\/12\/mve-shooting-2022-7-768x512.jpg 768w, http:\/\/www.mvenzenkirchen.at\/cms\/wp-content\/uploads\/2022\/12\/mve-shooting-2022-7-1536x1024.jpg 1536w, http:\/\/www.mvenzenkirchen.at\/cms\/wp-content\/uploads\/2022\/12\/mve-shooting-2022-7-2048x1365.jpg 2048w, http:\/\/www.mvenzenkirchen.at\/cms\/wp-content\/uploads\/2022\/12\/mve-shooting-2022-7-272x182.jpg 272w\" sizes=\"(max-width: 2560px) 100vw, 2560px\" \/>\n                      <div class=\"h-image__frame h-hide-lg h-hide-md h-hide-sm style-243-frameImage style-local-99-c12-frameImage\"><\/div>\n                    <\/div>\n                  <\/div>\n                <\/div>\n                <div data-colibri-id=\"99-c13\" class=\"h-text h-text-component style-246 style-local-99-c13 position-relative h-element\">\n                  <!---->\n                  <!---->\n                  <div class=\"\">\n                    <p>vorne von links: Viktoria Koller, Katharina Zauner, Elena Lang, Laura Kleinp\u00f6tzl;\n                      <br>hinten von links: Ingrid Geroldinger, Katharina Geroldinger, Susanne Bachschweller, Magdalena Essl;<\/p>\n                  <\/div>\n                <\/div>\n              <\/div>\n            <\/div>\n          <\/div>\n        <\/div>\n      <\/div>\n      <div data-colibri-id=\"99-c14\" class=\"h-row-container gutters-row-lg-2 gutters-row-md-2 gutters-row-0 gutters-row-v-lg-2 gutters-row-v-md-2 gutters-row-v-2 style-244 style-local-99-c14 position-relative\">\n        <!---->\n        <div class=\"h-row justify-content-lg-center justify-content-md-center justify-content-center align-items-lg-stretch align-items-md-stretch align-items-stretch gutters-col-lg-2 gutters-col-md-2 gutters-col-0 gutters-col-v-lg-2 gutters-col-v-md-2 gutters-col-v-2\">\n          <!---->\n          <div class=\"h-column h-column-container d-flex h-col-lg-auto h-col-md-auto h-col-auto style-245-outer style-local-99-c15-outer\">\n            <div data-colibri-id=\"99-c15\" class=\"d-flex h-flex-basis h-column__inner h-px-lg-2 h-px-md-2 h-px-2 v-inner-lg-2 v-inner-md-2 v-inner-2 style-245 style-local-99-c15 position-relative\">\n              <!---->\n              <!---->\n              <div class=\"w-100 h-y-container h-column__content h-column__v-align flex-basis-100 align-self-lg-start align-self-md-start align-self-start\">\n                <!---->\n                <div data-colibri-id=\"99-c16\" class=\"d-block style-247 style-local-99-c16 position-relative h-element\">\n                  <!---->\n                  <div class=\"h-image__frame-container-outer\">\n                    <div class=\"h-image__frame-container\">\n                      <!---->\n                      <!---->\n                      <img decoding=\"async\" width=\"2560\" height=\"1707\" src=\"http:\/\/www.mvenzenkirchen.at\/cms\/wp-content\/uploads\/2022\/12\/mve-shooting-2022-9-scaled.jpg\" class=\"wp-image-3496 style-247-image style-local-99-c16-image\" alt=\"\" srcset=\"http:\/\/www.mvenzenkirchen.at\/cms\/wp-content\/uploads\/2022\/12\/mve-shooting-2022-9-scaled.jpg 2560w, http:\/\/www.mvenzenkirchen.at\/cms\/wp-content\/uploads\/2022\/12\/mve-shooting-2022-9-300x200.jpg 300w, http:\/\/www.mvenzenkirchen.at\/cms\/wp-content\/uploads\/2022\/12\/mve-shooting-2022-9-1024x683.jpg 1024w, http:\/\/www.mvenzenkirchen.at\/cms\/wp-content\/uploads\/2022\/12\/mve-shooting-2022-9-768x512.jpg 768w, http:\/\/www.mvenzenkirchen.at\/cms\/wp-content\/uploads\/2022\/12\/mve-shooting-2022-9-1536x1024.jpg 1536w, http:\/\/www.mvenzenkirchen.at\/cms\/wp-content\/uploads\/2022\/12\/mve-shooting-2022-9-2048x1365.jpg 2048w, http:\/\/www.mvenzenkirchen.at\/cms\/wp-content\/uploads\/2022\/12\/mve-shooting-2022-9-272x182.jpg 272w\" sizes=\"(max-width: 2560px) 100vw, 2560px\" \/>\n                      <div class=\"h-image__frame h-hide-lg h-hide-md h-hide-sm style-247-frameImage style-local-99-c16-frameImage\"><\/div>\n                    <\/div>\n                  <\/div>\n                <\/div>\n                <div data-colibri-id=\"99-c17\" class=\"h-text h-text-component style-248 style-local-99-c17 position-relative h-element\">\n                  <!---->\n                  <!---->\n                  <div class=\"\">\n                    <p>von links: Jana Soldan, Martina Baumgartner, Lea K\u00f6nig<\/p>\n                  <\/div>\n                <\/div>\n              <\/div>\n            <\/div>\n          <\/div>\n        <\/div>\n      <\/div>\n      <div data-colibri-id=\"99-c18\" class=\"h-row-container gutters-row-lg-2 gutters-row-md-2 gutters-row-0 gutters-row-v-lg-2 gutters-row-v-md-2 gutters-row-v-2 style-250 style-local-99-c18 position-relative\">\n        <!---->\n        <div class=\"h-row justify-content-lg-center justify-content-md-center justify-content-center align-items-lg-stretch align-items-md-stretch align-items-stretch gutters-col-lg-2 gutters-col-md-2 gutters-col-0 gutters-col-v-lg-2 gutters-col-v-md-2 gutters-col-v-2\">\n          <!---->\n          <div class=\"h-column h-column-container d-flex h-col-lg-auto h-col-md-auto h-col-auto style-251-outer style-local-99-c19-outer\">\n            <div data-colibri-id=\"99-c19\" class=\"d-flex h-flex-basis h-column__inner h-px-lg-2 h-px-md-2 h-px-2 v-inner-lg-2 v-inner-md-2 v-inner-2 style-251 style-local-99-c19 position-relative\">\n              <!---->\n              <!---->\n              <div class=\"w-100 h-y-container h-column__content h-column__v-align flex-basis-100 align-self-lg-start align-self-md-start align-self-start\">\n                <!---->\n                <div data-colibri-id=\"99-c20\" class=\"d-block style-249 style-local-99-c20 position-relative h-element\">\n                  <!---->\n                  <div class=\"h-image__frame-container-outer\">\n                    <div class=\"h-image__frame-container\">\n                      <!---->\n                      <!---->\n                      <img loading=\"lazy\" decoding=\"async\" width=\"2560\" height=\"1707\" src=\"http:\/\/www.mvenzenkirchen.at\/cms\/wp-content\/uploads\/2022\/12\/mve-shooting-2022-13-scaled.jpg\" class=\"wp-image-3500 style-249-image style-local-99-c20-image\" alt=\"\" srcset=\"http:\/\/www.mvenzenkirchen.at\/cms\/wp-content\/uploads\/2022\/12\/mve-shooting-2022-13-scaled.jpg 2560w, http:\/\/www.mvenzenkirchen.at\/cms\/wp-content\/uploads\/2022\/12\/mve-shooting-2022-13-300x200.jpg 300w, http:\/\/www.mvenzenkirchen.at\/cms\/wp-content\/uploads\/2022\/12\/mve-shooting-2022-13-1024x683.jpg 1024w, http:\/\/www.mvenzenkirchen.at\/cms\/wp-content\/uploads\/2022\/12\/mve-shooting-2022-13-768x512.jpg 768w, http:\/\/www.mvenzenkirchen.at\/cms\/wp-content\/uploads\/2022\/12\/mve-shooting-2022-13-1536x1024.jpg 1536w, http:\/\/www.mvenzenkirchen.at\/cms\/wp-content\/uploads\/2022\/12\/mve-shooting-2022-13-2048x1365.jpg 2048w, http:\/\/www.mvenzenkirchen.at\/cms\/wp-content\/uploads\/2022\/12\/mve-shooting-2022-13-272x182.jpg 272w\" sizes=\"(max-width: 2560px) 100vw, 2560px\" \/>\n                      <div class=\"h-image__frame h-hide-lg h-hide-md h-hide-sm style-249-frameImage style-local-99-c20-frameImage\"><\/div>\n                    <\/div>\n                  <\/div>\n                <\/div>\n                <div data-colibri-id=\"99-c21\" class=\"h-text h-text-component style-254 style-local-99-c21 position-relative h-element\">\n                  <!---->\n                  <!---->\n                  <div class=\"\">\n                    <p>von links: Andrea H\u00f6lzl, Johannes Schl\u00f6glmann, Bianca Obereder<\/p>\n                  <\/div>\n                <\/div>\n              <\/div>\n            <\/div>\n          <\/div>\n        <\/div>\n      <\/div>\n      <div data-colibri-id=\"99-c22\" class=\"h-row-container gutters-row-lg-2 gutters-row-md-2 gutters-row-0 gutters-row-v-lg-2 gutters-row-v-md-2 gutters-row-v-2 style-255 style-local-99-c22 position-relative\">\n        <!---->\n        <div class=\"h-row justify-content-lg-center justify-content-md-center justify-content-center align-items-lg-stretch align-items-md-stretch align-items-stretch gutters-col-lg-2 gutters-col-md-2 gutters-col-0 gutters-col-v-lg-2 gutters-col-v-md-2 gutters-col-v-2\">\n          <!---->\n          <div class=\"h-column h-column-container d-flex h-col-lg-auto h-col-md-auto h-col-auto style-256-outer style-local-99-c23-outer\">\n            <div data-colibri-id=\"99-c23\" class=\"d-flex h-flex-basis h-column__inner h-px-lg-2 h-px-md-2 h-px-2 v-inner-lg-2 v-inner-md-2 v-inner-2 style-256 style-local-99-c23 position-relative\">\n              <!---->\n              <!---->\n              <div class=\"w-100 h-y-container h-column__content h-column__v-align flex-basis-100 align-self-lg-start align-self-md-start align-self-start\">\n                <!---->\n                <div data-colibri-id=\"99-c24\" class=\"d-block style-257 style-local-99-c24 position-relative h-element\">\n                  <!---->\n                  <div class=\"h-image__frame-container-outer\">\n                    <div class=\"h-image__frame-container\">\n                      <!---->\n                      <!---->\n                      <img loading=\"lazy\" decoding=\"async\" width=\"2560\" height=\"1707\" src=\"http:\/\/www.mvenzenkirchen.at\/cms\/wp-content\/uploads\/2022\/12\/mve-shooting-2022-3-scaled.jpg\" class=\"wp-image-3490 style-257-image style-local-99-c24-image\" alt=\"\" srcset=\"http:\/\/www.mvenzenkirchen.at\/cms\/wp-content\/uploads\/2022\/12\/mve-shooting-2022-3-scaled.jpg 2560w, http:\/\/www.mvenzenkirchen.at\/cms\/wp-content\/uploads\/2022\/12\/mve-shooting-2022-3-300x200.jpg 300w, http:\/\/www.mvenzenkirchen.at\/cms\/wp-content\/uploads\/2022\/12\/mve-shooting-2022-3-1024x683.jpg 1024w, http:\/\/www.mvenzenkirchen.at\/cms\/wp-content\/uploads\/2022\/12\/mve-shooting-2022-3-768x512.jpg 768w, http:\/\/www.mvenzenkirchen.at\/cms\/wp-content\/uploads\/2022\/12\/mve-shooting-2022-3-1536x1024.jpg 1536w, http:\/\/www.mvenzenkirchen.at\/cms\/wp-content\/uploads\/2022\/12\/mve-shooting-2022-3-2048x1365.jpg 2048w, http:\/\/www.mvenzenkirchen.at\/cms\/wp-content\/uploads\/2022\/12\/mve-shooting-2022-3-272x182.jpg 272w\" sizes=\"(max-width: 2560px) 100vw, 2560px\" \/>\n                      <div class=\"h-image__frame h-hide-lg h-hide-md h-hide-sm style-257-frameImage style-local-99-c24-frameImage\"><\/div>\n                    <\/div>\n                  <\/div>\n                <\/div>\n                <div data-colibri-id=\"99-c25\" class=\"h-text h-text-component style-259 style-local-99-c25 position-relative h-element\">\n                  <!---->\n                  <!---->\n                  <div class=\"\">\n                    <p>vorne von links: Stefan Hafner, Timo Soldan, Herbert Zauner, Astrid Kleinp\u00f6tzl, Patrick Schl\u00f6glmann;\n                      <br>hinten von links: Johannes Schl\u00f6glmann, Patrick Strasser, Andrea H\u00f6lzl, Christoph Sch\u00f6nbauer<\/p>\n                  <\/div>\n                <\/div>\n              <\/div>\n            <\/div>\n          <\/div>\n        <\/div>\n      <\/div>\n      <div data-colibri-id=\"99-c26\" class=\"h-row-container gutters-row-lg-2 gutters-row-md-2 gutters-row-0 gutters-row-v-lg-2 gutters-row-v-md-2 gutters-row-v-2 style-252 style-local-99-c26 position-relative\">\n        <!---->\n        <div class=\"h-row justify-content-lg-center justify-content-md-center justify-content-center align-items-lg-stretch align-items-md-stretch align-items-stretch gutters-col-lg-2 gutters-col-md-2 gutters-col-0 gutters-col-v-lg-2 gutters-col-v-md-2 gutters-col-v-2\">\n          <!---->\n          <div class=\"h-column h-column-container d-flex h-col-lg-auto h-col-md-auto h-col-auto style-253-outer style-local-99-c27-outer\">\n            <div data-colibri-id=\"99-c27\" class=\"d-flex h-flex-basis h-column__inner h-px-lg-2 h-px-md-2 h-px-2 v-inner-lg-2 v-inner-md-2 v-inner-2 style-253 style-local-99-c27 position-relative\">\n              <!---->\n              <!---->\n              <div class=\"w-100 h-y-container h-column__content h-column__v-align flex-basis-100 align-self-lg-start align-self-md-start align-self-start\">\n                <!---->\n                <div data-colibri-id=\"99-c28\" class=\"d-block style-258 style-local-99-c28 position-relative h-element\">\n                  <!---->\n                  <div class=\"h-image__frame-container-outer\">\n                    <div class=\"h-image__frame-container\">\n                      <!---->\n                      <!---->\n                      <img loading=\"lazy\" decoding=\"async\" width=\"2560\" height=\"1707\" src=\"http:\/\/www.mvenzenkirchen.at\/cms\/wp-content\/uploads\/2022\/12\/mve-shooting-2022-2-scaled.jpg\" class=\"wp-image-3489 style-258-image style-local-99-c28-image\" alt=\"\" srcset=\"http:\/\/www.mvenzenkirchen.at\/cms\/wp-content\/uploads\/2022\/12\/mve-shooting-2022-2-scaled.jpg 2560w, http:\/\/www.mvenzenkirchen.at\/cms\/wp-content\/uploads\/2022\/12\/mve-shooting-2022-2-300x200.jpg 300w, http:\/\/www.mvenzenkirchen.at\/cms\/wp-content\/uploads\/2022\/12\/mve-shooting-2022-2-1024x683.jpg 1024w, http:\/\/www.mvenzenkirchen.at\/cms\/wp-content\/uploads\/2022\/12\/mve-shooting-2022-2-768x512.jpg 768w, http:\/\/www.mvenzenkirchen.at\/cms\/wp-content\/uploads\/2022\/12\/mve-shooting-2022-2-1536x1024.jpg 1536w, http:\/\/www.mvenzenkirchen.at\/cms\/wp-content\/uploads\/2022\/12\/mve-shooting-2022-2-2048x1365.jpg 2048w, http:\/\/www.mvenzenkirchen.at\/cms\/wp-content\/uploads\/2022\/12\/mve-shooting-2022-2-272x182.jpg 272w\" sizes=\"(max-width: 2560px) 100vw, 2560px\" \/>\n                      <div class=\"h-image__frame h-hide-lg h-hide-md h-hide-sm style-258-frameImage style-local-99-c28-frameImage\"><\/div>\n                    <\/div>\n                  <\/div>\n                <\/div>\n                <div data-colibri-id=\"99-c29\" class=\"h-text h-text-component style-260 style-local-99-c29 position-relative h-element\">\n                  <!---->\n                  <!---->\n                  <div class=\"\">\n                    <p>von links: Felix Geroldinger, Simon Reitinger, J\u00fcrgen Kreische, Franz Killingseder<\/p>\n                  <\/div>\n                <\/div>\n              <\/div>\n            <\/div>\n          <\/div>\n        <\/div>\n      <\/div>\n      <div data-colibri-id=\"99-c30\" class=\"h-row-container gutters-row-lg-2 gutters-row-md-2 gutters-row-0 gutters-row-v-lg-2 gutters-row-v-md-2 gutters-row-v-2 style-261 style-local-99-c30 position-relative\">\n        <!---->\n        <div class=\"h-row justify-content-lg-center justify-content-md-center justify-content-center align-items-lg-stretch align-items-md-stretch align-items-stretch gutters-col-lg-2 gutters-col-md-2 gutters-col-0 gutters-col-v-lg-2 gutters-col-v-md-2 gutters-col-v-2\">\n          <!---->\n          <div class=\"h-column h-column-container d-flex h-col-lg-auto h-col-md-auto h-col-auto style-262-outer style-local-99-c31-outer\">\n            <div data-colibri-id=\"99-c31\" class=\"d-flex h-flex-basis h-column__inner h-px-lg-2 h-px-md-2 h-px-2 v-inner-lg-2 v-inner-md-2 v-inner-2 style-262 style-local-99-c31 position-relative\">\n              <!---->\n              <!---->\n              <div class=\"w-100 h-y-container h-column__content h-column__v-align flex-basis-100 align-self-lg-start align-self-md-start align-self-start\">\n                <!---->\n                <div data-colibri-id=\"99-c32\" class=\"d-block style-263 style-local-99-c32 position-relative h-element\">\n                  <!---->\n                  <div class=\"h-image__frame-container-outer\">\n                    <div class=\"h-image__frame-container\">\n                      <!---->\n                      <!---->\n                      <img loading=\"lazy\" decoding=\"async\" width=\"2560\" height=\"1706\" src=\"http:\/\/www.mvenzenkirchen.at\/cms\/wp-content\/uploads\/2022\/12\/mve-shooting-2022-10-scaled.jpg\" class=\"wp-image-3497 style-263-image style-local-99-c32-image\" alt=\"\" srcset=\"http:\/\/www.mvenzenkirchen.at\/cms\/wp-content\/uploads\/2022\/12\/mve-shooting-2022-10-scaled.jpg 2560w, http:\/\/www.mvenzenkirchen.at\/cms\/wp-content\/uploads\/2022\/12\/mve-shooting-2022-10-300x200.jpg 300w, http:\/\/www.mvenzenkirchen.at\/cms\/wp-content\/uploads\/2022\/12\/mve-shooting-2022-10-1024x683.jpg 1024w, http:\/\/www.mvenzenkirchen.at\/cms\/wp-content\/uploads\/2022\/12\/mve-shooting-2022-10-768x512.jpg 768w, http:\/\/www.mvenzenkirchen.at\/cms\/wp-content\/uploads\/2022\/12\/mve-shooting-2022-10-1536x1024.jpg 1536w, http:\/\/www.mvenzenkirchen.at\/cms\/wp-content\/uploads\/2022\/12\/mve-shooting-2022-10-2048x1365.jpg 2048w, http:\/\/www.mvenzenkirchen.at\/cms\/wp-content\/uploads\/2022\/12\/mve-shooting-2022-10-272x182.jpg 272w\" sizes=\"(max-width: 2560px) 100vw, 2560px\" \/>\n                      <div class=\"h-image__frame h-hide-lg h-hide-md h-hide-sm style-263-frameImage style-local-99-c32-frameImage\"><\/div>\n                    <\/div>\n                  <\/div>\n                <\/div>\n                <div data-colibri-id=\"99-c33\" class=\"h-text h-text-component style-264 style-local-99-c33 position-relative h-element\">\n                  <!---->\n                  <!---->\n                  <div class=\"\">\n                    <p>von links: Anja Sch\u00f6nbauer, Erich Essl, Birgit Strasser<\/p>\n                  <\/div>\n                <\/div>\n              <\/div>\n            <\/div>\n          <\/div>\n        <\/div>\n      <\/div>\n      <div data-colibri-id=\"99-c34\" class=\"h-row-container gutters-row-lg-2 gutters-row-md-2 gutters-row-0 gutters-row-v-lg-2 gutters-row-v-md-2 gutters-row-v-2 style-265 style-local-99-c34 position-relative\">\n        <!---->\n        <div class=\"h-row justify-content-lg-center justify-content-md-center justify-content-center align-items-lg-stretch align-items-md-stretch align-items-stretch gutters-col-lg-2 gutters-col-md-2 gutters-col-0 gutters-col-v-lg-2 gutters-col-v-md-2 gutters-col-v-2\">\n          <!---->\n          <div class=\"h-column h-column-container d-flex h-col-lg-auto h-col-md-auto h-col-auto style-266-outer style-local-99-c35-outer\">\n            <div data-colibri-id=\"99-c35\" class=\"d-flex h-flex-basis h-column__inner h-px-lg-2 h-px-md-2 h-px-2 v-inner-lg-2 v-inner-md-2 v-inner-2 style-266 style-local-99-c35 position-relative\">\n              <!---->\n              <!---->\n              <div class=\"w-100 h-y-container h-column__content h-column__v-align flex-basis-100 align-self-lg-start align-self-md-start align-self-start\">\n                <!---->\n                <div data-colibri-id=\"99-c36\" class=\"d-block style-267 style-local-99-c36 position-relative h-element\">\n                  <!---->\n                  <div class=\"h-image__frame-container-outer\">\n                    <div class=\"h-image__frame-container\">\n                      <!---->\n                      <!---->\n                      <img loading=\"lazy\" decoding=\"async\" width=\"2560\" height=\"1707\" src=\"http:\/\/www.mvenzenkirchen.at\/cms\/wp-content\/uploads\/2022\/12\/mve-shooting-2022-8-scaled.jpg\" class=\"wp-image-3495 style-267-image style-local-99-c36-image\" alt=\"\" srcset=\"http:\/\/www.mvenzenkirchen.at\/cms\/wp-content\/uploads\/2022\/12\/mve-shooting-2022-8-scaled.jpg 2560w, http:\/\/www.mvenzenkirchen.at\/cms\/wp-content\/uploads\/2022\/12\/mve-shooting-2022-8-300x200.jpg 300w, http:\/\/www.mvenzenkirchen.at\/cms\/wp-content\/uploads\/2022\/12\/mve-shooting-2022-8-1024x683.jpg 1024w, http:\/\/www.mvenzenkirchen.at\/cms\/wp-content\/uploads\/2022\/12\/mve-shooting-2022-8-768x512.jpg 768w, http:\/\/www.mvenzenkirchen.at\/cms\/wp-content\/uploads\/2022\/12\/mve-shooting-2022-8-1536x1024.jpg 1536w, http:\/\/www.mvenzenkirchen.at\/cms\/wp-content\/uploads\/2022\/12\/mve-shooting-2022-8-2048x1365.jpg 2048w, http:\/\/www.mvenzenkirchen.at\/cms\/wp-content\/uploads\/2022\/12\/mve-shooting-2022-8-272x182.jpg 272w\" sizes=\"(max-width: 2560px) 100vw, 2560px\" \/>\n                      <div class=\"h-image__frame h-hide-lg h-hide-md h-hide-sm style-267-frameImage style-local-99-c36-frameImage\"><\/div>\n                    <\/div>\n                  <\/div>\n                <\/div>\n                <div data-colibri-id=\"99-c37\" class=\"h-text h-text-component style-268 style-local-99-c37 position-relative h-element\">\n                  <!---->\n                  <!---->\n                  <div class=\"\">\n                    <p>vorne von links: Otto Voglmayr, Benjamin Fleckl;\n                      <br>hinten von links: Johann Oberauer, Stefan H\u00f6rantner<\/p>\n                  <\/div>\n                <\/div>\n              <\/div>\n            <\/div>\n          <\/div>\n        <\/div>\n      <\/div>\n      <div data-colibri-id=\"99-c38\" class=\"h-row-container gutters-row-lg-2 gutters-row-md-2 gutters-row-0 gutters-row-v-lg-2 gutters-row-v-md-2 gutters-row-v-2 style-269 style-local-99-c38 position-relative\">\n        <!---->\n        <div class=\"h-row justify-content-lg-center justify-content-md-center justify-content-center align-items-lg-stretch align-items-md-stretch align-items-stretch gutters-col-lg-2 gutters-col-md-2 gutters-col-0 gutters-col-v-lg-2 gutters-col-v-md-2 gutters-col-v-2\">\n          <!---->\n          <div class=\"h-column h-column-container d-flex h-col-lg-auto h-col-md-auto h-col-auto style-270-outer style-local-99-c39-outer\">\n            <div data-colibri-id=\"99-c39\" class=\"d-flex h-flex-basis h-column__inner h-px-lg-2 h-px-md-2 h-px-2 v-inner-lg-2 v-inner-md-2 v-inner-2 style-270 style-local-99-c39 position-relative\">\n              <!---->\n              <!---->\n              <div class=\"w-100 h-y-container h-column__content h-column__v-align flex-basis-100 align-self-lg-start align-self-md-start align-self-start\">\n                <!---->\n                <div data-colibri-id=\"99-c40\" class=\"d-block style-271 style-local-99-c40 position-relative h-element\">\n                  <!---->\n                  <div class=\"h-image__frame-container-outer\">\n                    <div class=\"h-image__frame-container\">\n                      <!---->\n                      <!---->\n                      <img loading=\"lazy\" decoding=\"async\" width=\"2560\" height=\"1707\" src=\"http:\/\/www.mvenzenkirchen.at\/cms\/wp-content\/uploads\/2022\/12\/mve-shooting-2022-5-scaled.jpg\" class=\"wp-image-3492 style-271-image style-local-99-c40-image\" alt=\"\" srcset=\"http:\/\/www.mvenzenkirchen.at\/cms\/wp-content\/uploads\/2022\/12\/mve-shooting-2022-5-scaled.jpg 2560w, http:\/\/www.mvenzenkirchen.at\/cms\/wp-content\/uploads\/2022\/12\/mve-shooting-2022-5-300x200.jpg 300w, http:\/\/www.mvenzenkirchen.at\/cms\/wp-content\/uploads\/2022\/12\/mve-shooting-2022-5-1024x683.jpg 1024w, http:\/\/www.mvenzenkirchen.at\/cms\/wp-content\/uploads\/2022\/12\/mve-shooting-2022-5-768x512.jpg 768w, http:\/\/www.mvenzenkirchen.at\/cms\/wp-content\/uploads\/2022\/12\/mve-shooting-2022-5-1536x1024.jpg 1536w, http:\/\/www.mvenzenkirchen.at\/cms\/wp-content\/uploads\/2022\/12\/mve-shooting-2022-5-2048x1365.jpg 2048w, http:\/\/www.mvenzenkirchen.at\/cms\/wp-content\/uploads\/2022\/12\/mve-shooting-2022-5-272x182.jpg 272w\" sizes=\"(max-width: 2560px) 100vw, 2560px\" \/>\n                      <div class=\"h-image__frame h-hide-lg h-hide-md h-hide-sm style-271-frameImage style-local-99-c40-frameImage\"><\/div>\n                    <\/div>\n                  <\/div>\n                <\/div>\n                <div data-colibri-id=\"99-c41\" class=\"h-text h-text-component style-274 style-local-99-c41 position-relative h-element\">\n                  <!---->\n                  <!---->\n                  <div class=\"\">\n                    <p>von links: Felix Geroldinger, Andreas Soldan<\/p>\n                  <\/div>\n                <\/div>\n              <\/div>\n            <\/div>\n          <\/div>\n        <\/div>\n      <\/div>\n      <div data-colibri-id=\"99-c42\" class=\"h-row-container gutters-row-lg-2 gutters-row-md-2 gutters-row-0 gutters-row-v-lg-2 gutters-row-v-md-2 gutters-row-v-2 style-275 style-local-99-c42 position-relative\">\n        <!---->\n        <div class=\"h-row justify-content-lg-center justify-content-md-center justify-content-center align-items-lg-stretch align-items-md-stretch align-items-stretch gutters-col-lg-2 gutters-col-md-2 gutters-col-0 gutters-col-v-lg-2 gutters-col-v-md-2 gutters-col-v-2\">\n          <!---->\n          <div class=\"h-column h-column-container d-flex h-col-lg-auto h-col-md-auto h-col-auto style-276-outer style-local-99-c43-outer\">\n            <div data-colibri-id=\"99-c43\" class=\"d-flex h-flex-basis h-column__inner h-px-lg-2 h-px-md-2 h-px-2 v-inner-lg-2 v-inner-md-2 v-inner-2 style-276 style-local-99-c43 position-relative\">\n              <!---->\n              <!---->\n              <div class=\"w-100 h-y-container h-column__content h-column__v-align flex-basis-100 align-self-lg-start align-self-md-start align-self-start\">\n                <!---->\n                <div data-colibri-id=\"99-c44\" class=\"d-block style-277 style-local-99-c44 position-relative h-element\">\n                  <!---->\n                  <div class=\"h-image__frame-container-outer\">\n                    <div class=\"h-image__frame-container\">\n                      <!---->\n                      <!---->\n                      <img loading=\"lazy\" decoding=\"async\" width=\"2560\" height=\"1707\" src=\"http:\/\/www.mvenzenkirchen.at\/cms\/wp-content\/uploads\/2022\/12\/mve-shooting-2022-1-scaled.jpg\" class=\"wp-image-3488 style-277-image style-local-99-c44-image\" alt=\"\" srcset=\"http:\/\/www.mvenzenkirchen.at\/cms\/wp-content\/uploads\/2022\/12\/mve-shooting-2022-1-scaled.jpg 2560w, http:\/\/www.mvenzenkirchen.at\/cms\/wp-content\/uploads\/2022\/12\/mve-shooting-2022-1-300x200.jpg 300w, http:\/\/www.mvenzenkirchen.at\/cms\/wp-content\/uploads\/2022\/12\/mve-shooting-2022-1-1024x683.jpg 1024w, http:\/\/www.mvenzenkirchen.at\/cms\/wp-content\/uploads\/2022\/12\/mve-shooting-2022-1-768x512.jpg 768w, http:\/\/www.mvenzenkirchen.at\/cms\/wp-content\/uploads\/2022\/12\/mve-shooting-2022-1-1536x1024.jpg 1536w, http:\/\/www.mvenzenkirchen.at\/cms\/wp-content\/uploads\/2022\/12\/mve-shooting-2022-1-2048x1365.jpg 2048w, http:\/\/www.mvenzenkirchen.at\/cms\/wp-content\/uploads\/2022\/12\/mve-shooting-2022-1-272x182.jpg 272w\" sizes=\"(max-width: 2560px) 100vw, 2560px\" \/>\n                      <div class=\"h-image__frame h-hide-lg h-hide-md h-hide-sm style-277-frameImage style-local-99-c44-frameImage\"><\/div>\n                    <\/div>\n                  <\/div>\n                <\/div>\n                <div data-colibri-id=\"99-c45\" class=\"h-text h-text-component style-278 style-local-99-c45 position-relative h-element\">\n                  <!---->\n                  <!---->\n                  <div class=\"\">\n                    <p>von links: Jonathan Geroldinger, Lukas Reitinger, Julia Schl\u00f6glmann, Mathias Gr\u00fcneis<\/p>\n                  <\/div>\n                <\/div>\n              <\/div>\n            <\/div>\n          <\/div>\n        <\/div>\n      <\/div>\n      <div data-colibri-id=\"99-c46\" class=\"h-row-container gutters-row-lg-2 gutters-row-md-2 gutters-row-0 gutters-row-v-lg-2 gutters-row-v-md-2 gutters-row-v-2 style-272 style-local-99-c46 position-relative\">\n        <!---->\n        <div class=\"h-row justify-content-lg-center justify-content-md-center justify-content-center align-items-lg-stretch align-items-md-stretch align-items-stretch gutters-col-lg-2 gutters-col-md-2 gutters-col-0 gutters-col-v-lg-2 gutters-col-v-md-2 gutters-col-v-2\">\n          <!---->\n          <div class=\"h-column h-column-container d-flex h-col-lg-auto h-col-md-auto h-col-auto style-273-outer style-local-99-c47-outer\">\n            <div data-colibri-id=\"99-c47\" class=\"d-flex h-flex-basis h-column__inner h-ui-empty-state-container h-px-lg-2 h-px-md-2 h-px-2 v-inner-lg-2 v-inner-md-2 v-inner-2 style-273 style-local-99-c47 position-relative\">\n              <!---->\n              <!---->\n              <div class=\"w-100 h-y-container h-column__content h-column__v-align flex-basis-100\">\n                <!---->\n              <\/div>\n            <\/div>\n          <\/div>\n        <\/div>\n      <\/div>\n    <\/div>\n  <\/div>\n<\/div>","protected":false},"excerpt":{"rendered":"<p>UNSERE REGISTER vorne von links: Verena Preinfalk, Vera Achleitner, Johanna Zauner, Magdalena Koller, [&hellip;]<\/p>\n","protected":false},"author":1,"featured_media":0,"parent":0,"menu_order":0,"comment_status":"closed","ping_status":"closed","template":"page-templates\/full-width-page.php","meta":{"footnotes":""},"class_list":["post-99","page","type-page","status-publish","hentry"],"_links":{"self":[{"href":"http:\/\/www.mvenzenkirchen.at\/cms\/wp-json\/wp\/v2\/pages\/99","targetHints":{"allow":["GET"]}}],"collection":[{"href":"http:\/\/www.mvenzenkirchen.at\/cms\/wp-json\/wp\/v2\/pages"}],"about":[{"href":"http:\/\/www.mvenzenkirchen.at\/cms\/wp-json\/wp\/v2\/types\/page"}],"author":[{"embeddable":true,"href":"http:\/\/www.mvenzenkirchen.at\/cms\/wp-json\/wp\/v2\/users\/1"}],"replies":[{"embeddable":true,"href":"http:\/\/www.mvenzenkirchen.at\/cms\/wp-json\/wp\/v2\/comments?post=99"}],"version-history":[{"count":20,"href":"http:\/\/www.mvenzenkirchen.at\/cms\/wp-json\/wp\/v2\/pages\/99\/revisions"}],"predecessor-version":[{"id":5635,"href":"http:\/\/www.mvenzenkirchen.at\/cms\/wp-json\/wp\/v2\/pages\/99\/revisions\/5635"}],"wp:attachment":[{"href":"http:\/\/www.mvenzenkirchen.at\/cms\/wp-json\/wp\/v2\/media?parent=99"}],"curies":[{"name":"wp","href":"https:\/\/api.w.org\/{rel}","templated":true}]}}